{"id":242,"date":"2017-04-26T20:10:25","date_gmt":"2017-04-26T23:10:25","guid":{"rendered":"https:\/\/www.if.ufrgs.br\/novocref\/?page_id=242"},"modified":"2021-03-23T17:01:54","modified_gmt":"2021-03-23T20:01:54","slug":"indice-de-videos","status":"publish","type":"page","link":"https:\/\/cref.if.ufrgs.br\/?page_id=242","title":{"rendered":"\u00cdndice de V\u00eddeos"},"content":{"rendered":"<h1>CREF no YouTube<\/h1>\n<p>O CREF est\u00e1 no YouTube. Veja mais em: <a href=\"https:\/\/www.if.ufrgs.br\/novocref\/?page_id=7505\" target=\"_blank\" rel=\"noopener\">https:\/\/www.if.ufrgs.br\/novocref\/?page_id=7505<\/a>.<\/p>\n<h1>Palestras dos Encontros Estaduais de Ensino de F\u00edsica (EEEF\u00eds-RS)<\/h1>\n<p>V\u00eddeos das palestras do VII EEEF\u00eds-RS: <a href=\"https:\/\/www.if.ufrgs.br\/mpef\/7eeefis\/VII_EEEFis-RS\/Videos.html\" target=\"_blank\" rel=\"noopener\">Clique aqui<\/a>.<br \/>V\u00eddeos das palestras do VIII EEEF\u00eds-RS: <a href=\"https:\/\/www.if.ufrgs.br\/mpef\/8eeefis\/page10.html\" target=\"_blank\" rel=\"noopener\">Clique aqui<\/a>.<\/p>\n<h1>Palestras (em avi)<\/h1>\n<p>Aten\u00e7\u00e3o: se deseja salvar os v\u00eddeos, clique com o bot\u00e3o direito sobre o link e selecione &#8220;Salvar como&#8230;&#8221;.<\/p>\n<p>Em caso de problemas na exibi\u00e7\u00e3o dos v\u00eddeos, recomendamos a instala\u00e7\u00e3o do programa <a href=\"https:\/\/www.if.ufrgs.br\/cref\/K-Lite_Codec_Pack_583_Full.exe\">K-Lite Codec Pack<\/a>.<\/p>\n<ul>\n<li><a href=\"http:\/\/lief.if.ufrgs.br\/pub\/videos_fisica\/A%20era%20do%20Silicio.AVI\"><b>A era do sil\u00edcio<\/b><\/a>, Prof. Dr. Henri Ivanov Boudinov<\/li>\n<li><a href=\"http:\/\/lief.if.ufrgs.br\/pub\/videos_fisica\/a%20mensagem%20das%20estrelas.AVI\"><b>As observa\u00e7\u00f5es astron\u00f4micas de Galileu (1609) e a &#8220;Mensagem da Estrelas&#8221; (1610)<\/b><\/a>, Prof. Dr. Fernando Lang da Silveira<\/li>\n<li><a href=\"http:\/\/lief.if.ufrgs.br\/pub\/videos_fisica\/Tsunami.AVI\"><b>Ondas mar\u00edtimas e tsunami<\/b><\/a>, Prof. Dr. Fernando Lang da Silveira<\/li>\n<li><a href=\"http:\/\/lief.if.ufrgs.br\/pub\/videos_fisica\/Sombras%20coloridas.AVI\"><b>Sombras coloridas<\/b><\/a>, Prof. Dr. Fernando Lang da Silveira<\/li>\n<li><a href=\"http:\/\/lief.if.ufrgs.br\/pub\/videos_fisica\/Raciocinios%20geometricos.AVI\"><b>Raciocinios geom\u00e9tricos<\/b><\/a>, Prof. Dr. Fernando Lang da Silveira<\/li>\n<li><a href=\"http:\/\/lief.if.ufrgs.br\/pub\/videos_fisica\/Lua,%20cores,%20fases,mares.AVI\"><b>Lua, cores, fases, mar\u00e9s<\/b><\/a>, Prof. Dr. Fernando Lang da Silveira<\/li>\n<li><a href=\"http:\/\/lief.if.ufrgs.br\/pub\/videos_fisica\/Lei%20de%20Faraday-Lenz.AVI\"><b>Lei de Faraday-Lenz<\/b><\/a>, Prof. Dr. Fernando Lang da Silveira<\/li>\n<li><a href=\"http:\/\/lief.if.ufrgs.br\/pub\/videos_fisica\/Impossibilidades%20mecanicas.AVI\"><b>Impossibilidades mec\u00e2nicas<\/b><\/a>, Prof. Dr. Fernando Lang da Silveira<\/li>\n<li><a href=\"http:\/\/lief.if.ufrgs.br\/pub\/videos_fisica\/Demonstra%c3%a7%c3%b5es%20de%20eletrost%c3%a1tica.AVI\"><b>Demonstra\u00e7\u00f5es de eletrost\u00e1tica<\/b><\/a>, Prof. Dr. Fernando Lang da Silveira<\/li>\n<li><a href=\"http:\/\/lief.if.ufrgs.br\/pub\/videos_fisica\/Caos.AVI\"><b>Determinismo, Previsibilidade e Caos<\/b><\/a>, Prof. Dr. Fernando Lang da Silveira<\/li>\n<\/ul>\n<h1>Palestras no Youtube<\/h1>\n<ul>\n<li><a href=\"https:\/\/youtu.be\/36vcXdYWO8U\"><b>Efeitos da latitude na acelera\u00e7\u00e3o de queda livre<\/b><\/a>, Profa. Dr. Fernando Lang da Silveira<\/li>\n<li><a href=\"http:\/\/www.youtube.com\/watch?v=6nqjLNWZNNU\"><b>A descoberta do B\u00f3son de Higgs no LHC e suas implica\u00e7\u00f5es no futuro modelo padr\u00e3o<\/b><\/a>, Profa. Dr. Magno Machado<\/li>\n<li><a href=\"http:\/\/www.youtube.com\/watch?v=wIckUcoB98Y\"><b>O uso de aceleradores para pesquisas e aplica\u00e7\u00f5es<\/b><\/a>, Prof. Dr. Pedro Grande<\/li>\n<li><a href=\"http:\/\/www.youtube.com\/watch?v=DxMdf76wVBQ\"><b>Aventureiros do Universo Pesquisa e extens\u00e3o atrav\u00e9s do ensino da astronomia<\/b><\/a>, Profa. Dra. Daniela Pavani<\/li>\n<li><a href=\"http:\/\/www.youtube.com\/watch?v=JteKrHlQo4s\"><b>A massa cr\u00edtica e o programa nuclear nazista &#8211; Parte 1<\/b><\/a>, Prof. Dr. Johnny Ferraz Dias<\/li>\n<li><a href=\"http:\/\/www.youtube.com\/watch?v=AsdnzhUadvY\"><b>A massa cr\u00edtica e o programa nuclear nazista &#8211; Parte 2<\/b><\/a>, Prof. Dr. Johnny Ferraz Dias<\/li>\n<li><a href=\"http:\/\/www.youtube.com\/watch?v=f2qoh9mnTE0\"><b>A massa cr\u00edtica e o programa nuclear nazista &#8211; Parte 3<\/b><\/a>, Prof. Dr. Johnny Ferraz Dias<\/li>\n<li><a href=\"http:\/\/www.youtube.com\/watch?v=w-FKPJRZne4\"><b>Fustra\u00e7\u00e3o, desordem e complexidade: como a F\u00edsica resolve problemas insol\u00faveis &#8211; Parte 1<\/b><\/a>, Prof. Dr. Daniel Stariolo<\/li>\n<li><a href=\"http:\/\/www.youtube.com\/watch?v=U-vqQjo1kcI\"><b>Fustra\u00e7\u00e3o, desordem e complexidade: como a F\u00edsica resolve problemas insol\u00faveis &#8211; Parte 2<\/b><\/a>, Prof. Dr. Daniel Stariolo<\/li>\n<li><a href=\"http:\/\/www.youtube.com\/watch?v=jEF2fOvBVDo\"><b>Fustra\u00e7\u00e3o, desordem e complexidade: como a F\u00edsica resolve problemas insol\u00faveis &#8211; Parte 3<\/b><\/a>, Prof. Dr. Daniel Stariolo<\/li>\n<li><a href=\"http:\/\/www.youtube.com\/watch?v=aSyEXbky3mw\"><b>Os belos e \u00fateis aglomerados estelares: uma viagem no tempo e no Espa\u00e7o &#8211; Parte 1<\/b><\/a>, Prof. Dr. Bas\u00edlio Santiago<\/li>\n<li><a href=\"http:\/\/www.youtube.com\/watch?v=4N5QZ8Cvg5Q\"><b>Os belos e \u00fateis aglomerados estelares: uma viagem no tempo e no Espa\u00e7o &#8211; Parte 2<\/b><\/a>, Prof. Dr. Bas\u00edlio Santiago<\/li>\n<li><a href=\"http:\/\/www.youtube.com\/watch?v=8FDyKj5RQ14\"><b>Os belos e \u00fateis aglomerados estelares: uma viagem no tempo e no Espa\u00e7o &#8211; Parte 3<\/b><\/a>, Prof. Dr. Bas\u00edlio Santiago<\/li>\n<li><a href=\"http:\/\/www.youtube.com\/watch?v=xk3HzzggAEc\"><b>O Universo \u00e9 finito? &#8211; Parte 1<\/b><\/a>, Prof. Dr. Kepler de Souza Oliveira Filho<\/li>\n<li><a href=\"http:\/\/www.youtube.com\/watch?v=5BuLRZqIuQk\"><b>O Universo \u00e9 finito? &#8211; Parte 2<\/b><\/a>, Prof. Dr. Kepler de Souza Oliveira Filho<\/li>\n<li><a href=\"http:\/\/www.youtube.com\/watch?v=06ggcp-dENY\"><b>O Universo \u00e9 finito? &#8211; Parte 3<\/b><\/a>, Prof. Dr. Kepler de Souza Oliveira Filho<\/li>\n<li><a href=\"http:\/\/www.youtube.com\/watch?v=FV_HtkYmc-I\"><b>Os plasmas: o que s\u00e3o e onde est\u00e3o? &#8211; Parte 1<\/b><\/a>, Prof. Dr. Luiz Fernando Ziebell<\/li>\n<li><a href=\"http:\/\/www.youtube.com\/watch?v=Ysgo2XCkUIc\"><b>Os plasmas: o que s\u00e3o e onde est\u00e3o? &#8211; Parte 2<\/b><\/a>, Prof. Dr. Luiz Fernando Ziebell<\/li>\n<li><a href=\"http:\/\/www.youtube.com\/watch?v=CSqYeOa2EKA\"><b>Os plasmas: o que s\u00e3o e onde est\u00e3o? &#8211; Parte 3<\/b><\/a>, Prof. Dr. Luiz Fernando Ziebell<\/li>\n<li><a href=\"http:\/\/www.youtube.com\/watch?v=fQPuwZ4sd0E\"><b>Uma viagem pelo mundo nano &#8211; Parte 1<\/b><\/a>, Prof. Dra. Naira Maria Balzaretti<\/li>\n<li><a href=\"http:\/\/www.youtube.com\/watch?v=Chg4sYUvUFw\"><b>Uma viagem pelo mundo nano &#8211; Parte 2<\/b><\/a>, Prof. Dra. Naira Maria Balzaretti<\/li>\n<li><a href=\"http:\/\/www.youtube.com\/watch?v=4IobUn6vKdk\"><b>Uma viagem pelo mundo nano &#8211; Parte 3<\/b><\/a>, Prof. Dra. Naira Maria Balzaretti<\/li>\n<li><a href=\"http:\/\/www.youtube.com\/watch?v=b2ynIkbUy6I\"><b>O lado escuro do Universo &#8211; Parte 1<\/b><\/a>, Profa. Dra. Thaisa Storchi Bergmann<\/li>\n<li><a href=\"http:\/\/www.youtube.com\/watch?v=0EcGjCfi6OI\"><b>O lado escuro do Universo &#8211; Parte 2<\/b><\/a>, Profa. Dra. Thaisa Storchi Bergmann<\/li>\n<li><a href=\"http:\/\/www.youtube.com\/watch?v=55AlI4_LqEw\"><b>O lado escuro do Universo &#8211; Parte 3<\/b><\/a>, Profa. Dra. Thaisa Storchi Bergmann<\/li>\n<\/ul>\n<p>\u00a0<\/p>\n\n","protected":false},"excerpt":{"rendered":"<p>CREF no YouTube O CREF est\u00e1 no YouTube. Veja mais em: https:\/\/www.if.ufrgs.br\/novocref\/?page_id=7505. Palestras dos Encontros Estaduais de Ensino de F\u00edsica (EEEF\u00eds-RS) V\u00eddeos das palestras do VII EEEF\u00eds-RS: Clique aqui.V\u00eddeos das palestras do VIII EEEF\u00eds-RS: Clique aqui. Palestras (em avi) Aten\u00e7\u00e3o: se deseja salvar os v\u00eddeos, clique com o bot\u00e3o direito sobre o link e selecione [&hellip;]<\/p>\n","protected":false},"author":1,"featured_media":0,"parent":0,"menu_order":0,"comment_status":"closed","ping_status":"closed","template":"","meta":{"jetpack_post_was_ever_published":false,"footnotes":""},"class_list":["post-242","page","type-page","status-publish","hentry"],"jetpack_sharing_enabled":true,"jetpack_shortlink":"https:\/\/wp.me\/P8B8g0-3U","jetpack-related-posts":[{"id":276,"url":"https:\/\/cref.if.ufrgs.br\/?page_id=276","url_meta":{"origin":242,"position":0},"title":"Todos","author":"admin","date":"26 de abril de 2017","format":false,"excerpt":"Promo\u00e7\u00f5es do CREF ou com apoio CREF \u00a0 Eventos Escola II Escola do PPGEnF\u00eds-UFRGS 08\/10\/2020 e 09\/10\/2020 Local: Evento online (detalhes no site) Organiza\u00e7\u00e3o: Leonardo Heidemann, Cl\u00e1udio Cavalcanti e Camila Collares Promo\u00e7\u00e3o: CREF & PPGEnFis UFRGS \u00a0 Eventos ocorridos Palestra F\u00edsica Moderna no Ensino M\u00e9dio: dificuldades epistemol\u00f3gicas Ministrante: Professora Dra.\u2026","rel":"","context":"Post similar","block_context":{"text":"Post similar","link":""},"img":{"alt_text":"","src":"","width":0,"height":0},"classes":[]},{"id":5252,"url":"https:\/\/cref.if.ufrgs.br\/?page_id=5252","url_meta":{"origin":242,"position":1},"title":"Palestras, Seminarios &#038; Col\u00f3quios","author":"admin","date":"7 de novembro de 2017","format":false,"excerpt":"Promo\u00e7\u00f5es do CREF ou com apoio CREF \u00a0 Eventos ocorridos Palestra F\u00edsica Moderna no Ensino M\u00e9dio: dificuldades epistemol\u00f3gicas Ministrante: Professora Dra. Fabiana Botelho Kneubil (Instituto Educacional Futuro da Ci\u00eancia) 26\/06\/2019; 14h Local: Anfiteatro Antonio Cabral Promo\u00e7\u00e3o: CREF & PPGEnFis UFRGS Palestra Integra\u00e7\u00e3o Biologia, F\u00edsica e Qu\u00edmica e a Base Nacional\u2026","rel":"","context":"Post similar","block_context":{"text":"Post similar","link":""},"img":{"alt_text":"","src":"","width":0,"height":0},"classes":[]},{"id":5254,"url":"https:\/\/cref.if.ufrgs.br\/?page_id=5254","url_meta":{"origin":242,"position":2},"title":"Congressos, encontros e mostras","author":"admin","date":"7 de novembro de 2017","format":false,"excerpt":"Promo\u00e7\u00f5es do CREF ou com apoio CREF Eventos Encontro IX Encontro Estadual de Ensino de F\u00edsica - RS 16\/03\/2023 a 17\/03\/2023 Informa\u00e7\u00f5es em: https:\/\/ppgenfis.if.ufrgs.br\/9eeefis\/ Promo\u00e7\u00e3o: CREF & PPGEnFis UFRGS Eventos ocorridos Escola II Escola do PPGEnF\u00eds-UFRGS 08\/10\/2020 e 09\/10\/2020 Local: Evento online (detalhes no site) Organiza\u00e7\u00e3o: Leonardo Heidemann, Cl\u00e1udio Cavalcanti\u2026","rel":"","context":"Post similar","block_context":{"text":"Post similar","link":""},"img":{"alt_text":"","src":"","width":0,"height":0},"classes":[]},{"id":7505,"url":"https:\/\/cref.if.ufrgs.br\/?page_id=7505","url_meta":{"origin":242,"position":3},"title":"CREF no YouTube!","author":"admin","date":"8 de dezembro de 2017","format":false,"excerpt":"Veja aqui v\u00eddeos sobre temas instigantes tratados aqui no CREF! Para acessar a playlist completa, clique aqui. Os v\u00eddeos foram confeccionados com a colabora\u00e7\u00e3o do prof. Eloir De Carli, do Instituto Federal de Educa\u00e7\u00e3o, Ci\u00eancia e Tecnologia do Rio Grande do Sul (IFRS), Campus Feliz.","rel":"","context":"Post similar","block_context":{"text":"Post similar","link":""},"img":{"alt_text":"","src":"","width":0,"height":0},"classes":[]},{"id":81,"url":"https:\/\/cref.if.ufrgs.br\/?page_id=81","url_meta":{"origin":242,"position":4},"title":"Apresenta\u00e7\u00e3o","author":"admin","date":"19 de abril de 2017","format":false,"excerpt":"Com quase 17 anos de atividades, o Centro de Refer\u00eancia em Ensino de F\u00edsica (CREF) foi criado como uma institui\u00e7\u00e3o vinculada com a sala de aula de F\u00edsica e voltada para forma\u00e7\u00e3o inicial e continuada de professores. Ao longo dos anos, o Centro, preocupado com a moderniza\u00e7\u00e3o dos recursos implementados\u2026","rel":"","context":"Post similar","block_context":{"text":"Post similar","link":""},"img":{"alt_text":"","src":"","width":0,"height":0},"classes":[]},{"id":177,"url":"https:\/\/cref.if.ufrgs.br\/?page_id=177","url_meta":{"origin":242,"position":5},"title":"Localiza\u00e7\u00e3o","author":"admin","date":"26 de abril de 2017","format":false,"excerpt":"Endere\u00e7o Instituto de F\u00edsica - UFRGS Campus do Vale Av. Bento Gon\u00e7alves, 9500 Bairro Agronomia Caixa Postal 15051 91501-970 - Porto Alegre, RS Brasil Fone:\u00a0+55-51 3308-7111 Fax:\u00a0\u00a0\u00a0+55-51 3308-7286 Como chegar Linhas de \u00f4nibus com terminal no Campus do Vale\/UFRGS: \u00a0D43 \u2013 Universit\u00e1ria \u00a0343 \u2013 Campus\/Ipiranga \u00a0375 \u2013 Agronomia \u00a0T8 e\u2026","rel":"","context":"Post similar","block_context":{"text":"Post similar","link":""},"img":{"alt_text":"","src":"","width":0,"height":0},"classes":[]}],"_links":{"self":[{"href":"https:\/\/cref.if.ufrgs.br\/index.php?rest_route=\/wp\/v2\/pages\/242","targetHints":{"allow":["GET"]}}],"collection":[{"href":"https:\/\/cref.if.ufrgs.br\/index.php?rest_route=\/wp\/v2\/pages"}],"about":[{"href":"https:\/\/cref.if.ufrgs.br\/index.php?rest_route=\/wp\/v2\/types\/page"}],"author":[{"embeddable":true,"href":"https:\/\/cref.if.ufrgs.br\/index.php?rest_route=\/wp\/v2\/users\/1"}],"replies":[{"embeddable":true,"href":"https:\/\/cref.if.ufrgs.br\/index.php?rest_route=%2Fwp%2Fv2%2Fcomments&post=242"}],"version-history":[{"count":7,"href":"https:\/\/cref.if.ufrgs.br\/index.php?rest_route=\/wp\/v2\/pages\/242\/revisions"}],"predecessor-version":[{"id":11433,"href":"https:\/\/cref.if.ufrgs.br\/index.php?rest_route=\/wp\/v2\/pages\/242\/revisions\/11433"}],"wp:attachment":[{"href":"https:\/\/cref.if.ufrgs.br\/index.php?rest_route=%2Fwp%2Fv2%2Fmedia&parent=242"}],"curies":[{"name":"wp","href":"https:\/\/api.w.org\/{rel}","templated":true}]}}